{"id":711,"date":"2022-02-21T19:27:38","date_gmt":"2022-02-21T18:27:38","guid":{"rendered":"https:\/\/gwiezdnykrag.pl\/?page_id=711"},"modified":"2026-03-08T12:25:07","modified_gmt":"2026-03-08T11:25:07","slug":"rada-programowa","status":"publish","type":"page","link":"https:\/\/gwiezdnykrag.pl\/index.php\/rada-programowa\/","title":{"rendered":"Rada Programowa"},"content":{"rendered":"\n<h4 class=\"wp-block-heading\">Na podstawie art. 5 ust. 2 Regulaminu XXI edycji Og\u00f3lnopolskiej Olimpiady Wiedzy o Unii Europejskiej \u201eGwiezdny Kr\u0105g\u201d Komitet Organizacyjny powo\u0142a\u0142 Rad\u0119 Programow\u0105, w sk\u0142ad kt\u00f3rej wchodz\u0105 osoby posiadaj\u0105ce uznan\u0105 wiedz\u0119 i do\u015bwiadczenie w zakresie spraw europejskich. Rada Programowa odpowiedzialna jest za przygotowanie test\u00f3w od zawod\u00f3w wszystkich stopni, a tak\u017ce jej cz\u0142onkowie wraz z przedstawicielami Komitetu Organizacyjnego wchodz\u0105 w sk\u0142ad jury podczas rozgrywek fina\u0142owych.<\/h4>\n\n\n<div class=\"wp-block-image is-style-rounded\">\n<figure class=\"alignleft is-resized\"><img decoding=\"async\" src=\"https:\/\/gwiezdnykrag.pl\/wp-content\/uploads\/2025\/02\/P.Brusilo.jpg\" alt=\"\" style=\"width:216px;height:auto\"\/><\/figure>\n<\/div>\n\n\n<h3 class=\"wp-block-heading\">dr Pawe\u0142 Brusi\u0142o<\/h3>\n\n\n\n<p>Doktor nauk spo\u0142ecznych w dyscyplinie Ekonomia i Finanse orz adiunkt na Uniwersytecie Ekonomicznym we Wroc\u0142awiu. Stypendysta Fulbright-Schuman Award 2022\/2023 na Uniwersytecie Kalifornijskim w San Diego (ufundowanej przez Departament Stanu USA i Komisj\u0119 Europejsk\u0105). Prowadzi\u0142 badania w ramach mi\u0119dzynarodowej wsp\u00f3\u0142pracy tak\u017ce w Niemczech i Japonii. Specjalizuje si\u0119 w obszarze polityk i strategii Unii Europejskiej na rzecz transformacji energetycznej w szczeg\u00f3lno\u015bci w obszarze wdra\u017cania technologii wodorowych i ogniw paliwowych w transporcie. Cz\u0142onek Sieci Ekspert\u00f3w Team Europe Direct dzia\u0142aj\u0105cej przy Przedstawicielstwie Komisji Europejskiej w Polsce.<\/p>\n\n\n\n<hr class=\"wp-block-separator has-alpha-channel-opacity\"\/>\n\n\n<div class=\"wp-block-image is-style-rounded\">\n<figure class=\"alignleft\"><img decoding=\"async\" src=\"https:\/\/gwiezdnykrag.pl\/wp-content\/uploads\/2022\/02\/Doliwa.jpg\" alt=\"\"\/><\/figure>\n<\/div>\n\n\n<h3 class=\"wp-block-heading\">Dr hab. Anna Doliwa \u2013 Klepacka, prof. UwB<\/h3>\n\n\n\n<p>Pracownik naukowo-dydaktyczny Wydzia\u0142u Prawa Uniwersytetu w Bia\u0142ymstoku, radca prawny. Autorka i wsp\u00f3\u0142autorka ponad 60 publikacji zwi\u0105zanych z prawem Unii Europejskiej. W szczeg\u00f3lno\u015bci w zakresie prawa migracyjnego, ochrony praw cz\u0142owieka oraz systemu instytucjonalnego Unii Europejskiej.<br>Uczestniczka licznych konferencji krajowych i mi\u0119dzynarodowych, a tak\u017ce cz\u0142onkini zespo\u0142\u00f3w badawczych realizowanych na Wydziale Prawa Uniwersytetu w Bia\u0142ymstoku. Ekspertka Team Europe Direct dzia\u0142aj\u0105cego przy Komisji Europejskiej Przedstawicielstwo w Polsce.<\/p>\n\n\n\n<hr class=\"wp-block-separator has-alpha-channel-opacity\"\/>\n\n\n<div class=\"wp-block-image is-style-rounded\">\n<figure class=\"alignleft is-resized\"><img decoding=\"async\" src=\"https:\/\/gwiezdnykrag.pl\/wp-content\/uploads\/2024\/03\/41575509_543445149443957_2009220949865398272_n.jpg\" alt=\"\" style=\"width:224px;height:auto\"\/><\/figure>\n<\/div>\n\n\n<h3 class=\"wp-block-heading\">Tobiasz Gajda<\/h3>\n\n\n\n<p>prawnik, doktorant Centrum Bada\u0144 Problem\u00f3w Prawnych i Ekonomicznych Komunikacji Elektronicznej Uniwersytetu Wroc\u0142awskiego. Zwi\u0105zany z Wydzia\u0142em Prawa, Administracji i Ekonomii Uniwersytetu Wroc\u0142awskiego oraz Wydzia\u0142em Nauk o Polityce i Komunikacji Spo\u0142ecznej Uniwersytetu Opolskiego.<br>Specjalizuje si\u0119 w szeroko poj\u0119tym prawie nowych technologii oraz europejskich aktach reguluj\u0105cych niniejszy obszar. Organizator i prelegent wielu og\u00f3lnopolskich oraz mi\u0119dzynarodowych konferencji naukowych z dziedziny nowych technologii. Aktywista na rzecz wzrostu \u015bwiadomo\u015bci obywatelskiej m\u0142odzie\u017cy oraz jej partycypacji w \u017cyciu spo\u0142ecznym. W przesz\u0142o\u015bci opiekun Forum M\u0142odzie\u017cy Samorz\u0105du Wojew\u00f3dztwa Opolskiego, a obecnie cz\u0142onek Zespo\u0142u ds. Rzecznictwa Polskiej Rady Organizacji M\u0142odzie\u017cowych PROM.<br>Ekspert Team Europe Direct Przedstawicielstwa Komisji Europejskiej w Polsce.<\/p>\n\n\n\n<hr class=\"wp-block-separator has-alpha-channel-opacity\"\/>\n\n\n<div class=\"wp-block-image is-style-rounded\">\n<figure class=\"alignleft is-resized\"><img decoding=\"async\" src=\"https:\/\/gwiezdnykrag.pl\/wp-content\/uploads\/2022\/02\/Grzeszczak.jpg\" alt=\"\" style=\"width:232px;height:auto\"\/><\/figure>\n<\/div>\n\n\n<h3 class=\"wp-block-heading\">prof. zw. dr hab. Robert Grzeszczak<\/h3>\n\n\n\n<p>Prawnik, profesor nauk spo\u0142ecznych, wyk\u0142ada na Wydziale Prawa i Administracji Uniwersytetu Warszawskiego, Przewodnicz\u0105cy Komitetu Nauk Prawnych Polskiej Akademii Nauk, od 2016 cz\u0142onek Rady Programowej Programu Spraw Precedensowych Helsi\u0144skiej Fundacji Praw Cz\u0142owieka; od 2017 Rady Programowej Archiwum Osiaty\u0144skiego, od 2021 roku jest Przewodnicz\u0105cym Rady Naukowej Dyscypliny Nauki Prawne Uniwersytetu Warszawskiego; ekspert Team Europe \u2013 sieci Komisji Europejskiej.<br>Prof. Grzeszczak specjalizuje si\u0119 w europejskim prawie instytucjonalnym i materialnym, zw\u0142aszcza w prawie rynku wewn\u0119trznego UE, w prawie mi\u0119dzynarodowym oraz por\u00f3wnawczym prawie ustrojowym, jest autorem i wsp\u00f3\u0142autorem ksi\u0105\u017cek monograficznych, podr\u0119cznik\u00f3w akademickich oraz komentarzy z zakresu prawa europejskiego, prawa konstytucyjnego, a tak\u017ce artyku\u0142\u00f3w publikowanych w Polsce i w czasopismach zagranicznych.<\/p>\n\n\n\n<hr class=\"wp-block-separator has-alpha-channel-opacity\"\/>\n\n\n<div class=\"wp-block-image is-style-rounded\">\n<figure class=\"alignleft size-full is-resized\"><img loading=\"lazy\" decoding=\"async\" width=\"953\" height=\"953\" src=\"https:\/\/gwiezdnykrag.pl\/wp-content\/uploads\/2026\/03\/460172771_8666545553406862_6558809635669120253_n.jpg\" alt=\"\" class=\"wp-image-1429\" style=\"width:254px;height:auto\" srcset=\"https:\/\/gwiezdnykrag.pl\/wp-content\/uploads\/2026\/03\/460172771_8666545553406862_6558809635669120253_n.jpg 953w, https:\/\/gwiezdnykrag.pl\/wp-content\/uploads\/2026\/03\/460172771_8666545553406862_6558809635669120253_n-300x300.jpg 300w, https:\/\/gwiezdnykrag.pl\/wp-content\/uploads\/2026\/03\/460172771_8666545553406862_6558809635669120253_n-150x150.jpg 150w, https:\/\/gwiezdnykrag.pl\/wp-content\/uploads\/2026\/03\/460172771_8666545553406862_6558809635669120253_n-768x768.jpg 768w\" sizes=\"auto, (max-width: 953px) 100vw, 953px\" \/><\/figure>\n<\/div>\n\n\n<h3 class=\"wp-block-heading\">dr Rafa\u0142 Kuligowski<\/h3>\n\n\n\n<p>Doktor nauk prawnych, radca prawny, wyk\u0142adowca akademicki, samorz\u0105dowiec oraz ekspert Team Europe Direct. Autor publikacji po\u015bwi\u0119conych tematyce systemu instytucjonalnego Unii Europejskiej oraz funduszy europejskich. Prezes Stowarzyszenia &#8222;S\u0142upski Instytut ds. M\u0142odzie\u017cy&#8221;, <br>Pomys\u0142odawca, inicjator i wieloletni organizator Og\u00f3lnopolskiej Olimpiady Wiedzy o Unii Europejskiej &#8222;Gwiezdny Kr\u0105g&#8221;.<\/p>\n\n\n\n<hr class=\"wp-block-separator has-alpha-channel-opacity\"\/>\n\n\n<div class=\"wp-block-image is-style-rounded\">\n<figure class=\"alignleft is-resized\"><img decoding=\"async\" src=\"https:\/\/gwiezdnykrag.pl\/wp-content\/uploads\/2024\/03\/Zdjecie-768x512.jpg\" alt=\"\" style=\"aspect-ratio:1.500186776242062;width:265px;height:auto\"\/><\/figure>\n<\/div>\n\n\n<h3 class=\"wp-block-heading\">dr Sylwia K. Mazur<\/h3>\n\n\n\n<p>Doktorka nauk prawnych. Badaczka w Centrum Badawczym nad Przysz\u0142o\u015bci\u0105 Prawa na Universidade Cat\u00f3lica Portuguesa oraz Adiunktka w Katedrze Nauk o Polityce i Administracji w Wy\u017cszej Szkole Informatyki i Zarz\u0105dzania z siedzib\u0105 w Rzeszowie.<br>Autorka publikacji naukowych po\u015bwi\u0119conych unijnej polityce migracyjnej i azylowej oraz relacjom zewn\u0119trznym UE. Redaktorka bloga \u201eObserwator Mi\u0119dzynarodowy\u201d po\u015bwi\u0119conemu prawu mi\u0119dzynarodowemu, bezpiecze\u0144stwu oraz polityce.<br>Stypendystka Fundacji Ko\u015bciuszkowskiej (University of Michigan) oraz programu \u201eMistrzowie Dydaktyki\u201d (Rijksuniversiteit Groningen). Cz\u0142onkini Team Europe Direct.<\/p>\n\n\n\n<hr class=\"wp-block-separator has-alpha-channel-opacity\"\/>\n\n\n<div class=\"wp-block-image is-style-rounded\">\n<figure class=\"alignleft is-resized\"><img decoding=\"async\" src=\"https:\/\/gwiezdnykrag.pl\/wp-content\/uploads\/2025\/02\/2A5E398D-66B2-4417-9F38-2A835B2CF00B.jpeg\" alt=\"\" style=\"aspect-ratio:1.0841858282496482;width:288px;height:auto\"\/><\/figure>\n<\/div>\n\n\n<h3 class=\"wp-block-heading\">dr hab. Renata Mie\u0144kowska-Norkiene<\/h3>\n\n\n\n<p>Pracowniczka naukawo-dydaktyczna Wydzia\u0142u Nauk Politycznych i Studi\u00f3w Mi\u0119dzynarodowych Uniwersytetu Warszawskiego, autorka ponad 70 publikacji naukowych \u2013 g\u0142\u00f3wnie w obszarze integracji europejskiej, cz\u0142onkini sieci Team Europe Direct Polska, od 2018 roku cz\u0142onkini zarz\u0105du Komitetu Naukowego \u201eDemocratization in Comparative Perspective\u201d Mi\u0119dzynarodowego Towarzystwa Nauk Politycznych (IPSA), w latach 2017-2019 koordynatorka instytutowa programu Erasmus w Instytucie Nauk Politycznych UW, w latach 2010-2012 kierowniczka projektu badawczego: \u201eZmiana roli Prezydencji w Unii Europejskiej po wej\u015bciu w \u017cycie Traktatu Lizbo\u0144skiego\u201d, finansowanego przez Narodowe Centrum Nauki, kierowniczka i wykonawczyni wielu projekt\u00f3w badawczych, laureatka stypendium Ministra Nauki i Szkolnictwa Wy\u017cszego dla wybitnych m\u0142odych naukowc\u00f3w, do 2020 r. cz\u0142onkini zarz\u0105du Krajowej Izby Mediator\u00f3w Republiki Litewskiej, obecnie honorowa cz\u0142onkini tej instytucji, Przewodnicz\u0105ca Rady Programowej Mi\u0119dzynarodowego Instytutu Spo\u0142ecze\u0144stwa Obywatelskiego, ekspertka ds. Programu Erasmus+ Fundacji Rozwoju Systemu Edukacji, a tak\u017ce Narodowej Agencji Wymiany Akademickiej, wyg\u0142asza\u0142a referaty, m. in. w Brukseli, Wilnie, Brisbane, Sarajewie, Ostrawie, Berlinie, Florencji odby\u0142a sta\u017ce, m. in. w Komisji Europejskiej w Brukseli, w EURAC w Bolzano, w Liechtenstein-Institut.<\/p>\n\n\n\n<hr class=\"wp-block-separator has-alpha-channel-opacity\"\/>\n\n\n<div class=\"wp-block-image is-style-rounded\">\n<figure class=\"alignleft is-resized\"><img decoding=\"async\" src=\"https:\/\/gwiezdnykrag.pl\/wp-content\/uploads\/2022\/02\/Pachocka.jpg\" alt=\"\" style=\"width:250px;height:auto\"\/><\/figure>\n<\/div>\n\n\n<h3 class=\"wp-block-heading\">dr Marta Pachocka<\/h3>\n\n\n\n<p>Doktor nauk ekonomicznych. Kierownik Zespo\u0142u Polityk Migracyjnych i badacz w O\u015brodku Bada\u0144 nad Migracjami UW. Adiunkt w Katedrze Studi\u00f3w Politycznych Instytutu Studi\u00f3w Mi\u0119dzynarodowych KES SGH. Kierownik i cz\u0142onek zespo\u0142u w licznych krajowych i zagranicznych projektach finansowanych ze \u015brodk\u00f3w MNiSW, MSZ, NCN, NBP, FWPN, KAS i program\u00f3w UE (Horizon 2020, LLP, Erasmus+, Creative Europe). Obecnie w SGH kieruje zespo\u0142em w ramach projektu AMENET &#8211; \u201cThe European Union, Mediterranean and Africa Integration in the Global Age\u201d (Erasmus+, Jean Monnet Networks, 2018-2021, lider: Universidad Aut\u00f3noma de Madrid) i jest wsp\u00f3\u0142kierownikiem projektu Welcoming Spaces &#8211; &#8222;Investing in 'Welcoming Spaces&#8217; in Europe: revitalizing shrinking areas by hosting non-EU migrants&#8221; (Horizon 2020, 2020-2024, lider: Utrecht University).<br>W latach 2016\u20132019 kierownik projektu EUMIGRO \u2013 \u201cJean Monnet Module on the European Union and the Contemporary International Migration \u2013 an Interdisciplinary Approach\u201d (Erasmus+). Visiting Research Fellow w Institut d\u2019Etudes Politiques de Paris we Francji (2015). Visiting Professor w University of Economics in Bratislava na S\u0142owacji (2015) i University of Tartu w Estonii (2016). Cz\u0142onek Zarz\u0105du Polskiego Stowarzyszenia Bada\u0144 Wsp\u00f3lnoty Europejskiej (PECSA) i Komitetu Badawczego RC46 \u201eMigracja i obywatelstwo\u201d Mi\u0119dzynarodowego Stowarzyszenia Nauk Politycznych (IPSA). Zainteresowania naukowe m.in. przemiany spo\u0142eczno-demograficzne w Europie\/UE i ich konsekwencje; migracje mi\u0119dzynarodowe; polityka UE w zakresie migracji i azylu; migracje przymusowe; ekonomia mi\u0119dzynarodowa i organizacje mi\u0119dzynarodowe. Autor i wsp\u00f3\u0142autor licznych rozdzia\u0142\u00f3w w monografiach, artyku\u0142\u00f3w w czasopismach naukowych, referat\u00f3w konferencyjnych. Ekspertka sieci Team Europe Direct dzia\u0142aj\u0105cej przy Komisji Europejskiej Przedstawicielstwo w Polsce.<\/p>\n\n\n\n<hr class=\"wp-block-separator has-alpha-channel-opacity\"\/>\n\n\n<div class=\"wp-block-image is-style-rounded\">\n<figure class=\"alignleft\"><img decoding=\"async\" src=\"https:\/\/gwiezdnykrag.pl\/wp-content\/uploads\/2022\/02\/Truszczynski.jpg\" alt=\"\"\/><\/figure>\n<\/div>\n\n\n<h3 class=\"wp-block-heading\">Ambasador Jan Truszczy\u0144ski<\/h3>\n\n\n\n<p>W latach 1982 \u2013 1988 by\u0142 specjalist\u0105 ds. integracji europejskiej w Ministerstwie Spraw Zagranicznych, zast\u0119pc\u0105 szefa Przedstawicielstwa Polski przy Wsp\u00f3lnotach Europejskich (1989 \u2013 1993), Przedstawicielem Polski przy UE (1996 \u2013 2001), doradc\u0105 prezydenta ds. UE (2001). W latach 2001-2005 by\u0142 g\u0142\u00f3wnym negocjatorem cz\u0142onkostwa Polski w UE oraz, kolejno, podsekretarzem stanu i sekretarzem stanu w MSZ. Od 2007 do 2014 piastowa\u0142 stanowiska kierownicze w Komisji Europejskiej. By\u0142 kolejno zast\u0119pc\u0105 dyrektora generalnego w DG Rozszerzenie i DG Edukacja i Kultura, a w latach 2010-2014 dyrektorem generalnym DG Edukacja i Kultura.<br>Obecnie cz\u0142onek zespo\u0142u eksperckiego Team Europe Direct dzia\u0142aj\u0105cego przy Komisji Europejskiej Przedstawicielstwo w Polsce.<\/p>\n\n\n\n<hr class=\"wp-block-separator has-alpha-channel-opacity\"\/>\n\n\n<div class=\"wp-block-image is-style-rounded\">\n<figure class=\"alignleft is-resized\"><img decoding=\"async\" src=\"https:\/\/gwiezdnykrag.pl\/wp-content\/uploads\/2025\/02\/Profilowe_2025.png\" alt=\"\" style=\"aspect-ratio:0.7109982542453579;width:223px;height:auto\"\/><\/figure>\n<\/div>\n\n\n<h3 class=\"wp-block-heading\">dr hab. Marta Witkowska, prof. UW<\/h3>\n\n\n\n<p>Politolo\u017cka, profesorka Uniwersytetu Warszawskiego, specjalistka w zakresie problematyki Unii Europejskiej oraz systemu politycznego Niemiec. Redaktor Naczelna czasopisma naukowego z obszaru studi\u00f3w europejskich. Autorka i wsp\u00f3\u0142autorka licznych monografii oraz artyku\u0142\u00f3w naukowych dotykaj\u0105cych problematyki systemu prawnego czy instytucjonalnego Unii Europejskiej, proces\u00f3w decyzyjnych w UE, b\u0105d\u017a tematyki teorii integracji europejskiej. W\u015br\u00f3d zainteresowa\u0144 naukowych znajduj\u0105 si\u0119 ponadto: partycypacja polityczna w UE; praktyczne aspekty obywatelstwa UE; europejskie partie polityczne; mechanizmy podejmowania decyzji w UE, zasady prawa; polityki UE; stosowanie prawa UE w pa\u0144stwach cz\u0142onkowskich; system instytucjonalny UE. <\/p>\n\n\n\n<p>Organizatorka i prelegentka wielu og\u00f3lnopolskich oraz mi\u0119dzynarodowych konferencji naukowych w tematyce integracji europejskiej. Cz\u0142onkini krajowych i mi\u0119dzynarodowych zespo\u0142\u00f3w badawczych, w tym realizuj\u0105cych granty Komisji Europejskiej (Jean Monnet Chair, Jean Monnet Network, Jean Monnet Module). \u00a0Visiting Professor w the \u201cIsa Boletini\u201d University in Mitrovica w Kosowie (2024\/2025). Prowadzi\u0142a niezliczon\u0105 ilo\u015b\u0107 spotka\u0144 i warsztat\u00f3w dla uczni\u00f3w, m\u0142odzie\u017cy, nauczycieli oraz senior\u00f3w. Nieprzerwanie od 2009 r. ekspertka Team Europe Direct dzia\u0142aj\u0105cego przy Komisji Europejskiej Przedstawicielstwo w Polsce.<\/p>\n","protected":false},"excerpt":{"rendered":"<p>Na podstawie art. 5 ust. 2 Regulaminu XXI edycji Og\u00f3lnopolskiej Olimpiady Wiedzy o Unii Europejskiej \u201eGwiezdny Kr\u0105g\u201d Komitet Organizacyjny powo\u0142a\u0142 Rad\u0119 Programow\u0105, w sk\u0142ad kt\u00f3rej wchodz\u0105 osoby posiadaj\u0105ce uznan\u0105 wiedz\u0119 i do\u015bwiadczenie w zakresie spraw europejskich. Rada Programowa odpowiedzialna jest za przygotowanie test\u00f3w od zawod\u00f3w wszystkich stopni, a tak\u017ce jej cz\u0142onkowie wraz z przedstawicielami Komitetu [&hellip;]<\/p>\n","protected":false},"author":2,"featured_media":0,"parent":0,"menu_order":0,"comment_status":"closed","ping_status":"closed","template":"","meta":{"footnotes":""},"class_list":["post-711","page","type-page","status-publish","hentry"],"_links":{"self":[{"href":"https:\/\/gwiezdnykrag.pl\/index.php\/wp-json\/wp\/v2\/pages\/711","targetHints":{"allow":["GET"]}}],"collection":[{"href":"https:\/\/gwiezdnykrag.pl\/index.php\/wp-json\/wp\/v2\/pages"}],"about":[{"href":"https:\/\/gwiezdnykrag.pl\/index.php\/wp-json\/wp\/v2\/types\/page"}],"author":[{"embeddable":true,"href":"https:\/\/gwiezdnykrag.pl\/index.php\/wp-json\/wp\/v2\/users\/2"}],"replies":[{"embeddable":true,"href":"https:\/\/gwiezdnykrag.pl\/index.php\/wp-json\/wp\/v2\/comments?post=711"}],"version-history":[{"count":32,"href":"https:\/\/gwiezdnykrag.pl\/index.php\/wp-json\/wp\/v2\/pages\/711\/revisions"}],"predecessor-version":[{"id":1444,"href":"https:\/\/gwiezdnykrag.pl\/index.php\/wp-json\/wp\/v2\/pages\/711\/revisions\/1444"}],"wp:attachment":[{"href":"https:\/\/gwiezdnykrag.pl\/index.php\/wp-json\/wp\/v2\/media?parent=711"}],"curies":[{"name":"wp","href":"https:\/\/api.w.org\/{rel}","templated":true}]}}